{"id":2999,"date":"2024-11-05T16:43:34","date_gmt":"2024-11-05T15:43:34","guid":{"rendered":"https:\/\/essentialforbusiness.com\/politica-de-privadesa"},"modified":"2024-11-06T11:34:23","modified_gmt":"2024-11-06T10:34:23","slug":"politica-de-privadesa","status":"publish","type":"page","link":"https:\/\/essentialforbusiness.com\/ca\/politica-de-privadesa","title":{"rendered":"Pol\u00edtica de Privadesa"},"content":{"rendered":"\t\t<div data-elementor-type=\"wp-page\" data-elementor-id=\"2999\" class=\"elementor elementor-2999 elementor-1817\" data-elementor-post-type=\"page\">\n\t\t\t\t<div class=\"elementor-element elementor-element-962bebc e-flex e-con-boxed e-con e-parent\" data-id=\"962bebc\" data-element_type=\"container\" data-e-type=\"container\">\n\t\t\t\t\t<div class=\"e-con-inner\">\n\t\t\t\t<div class=\"elementor-element elementor-element-f857dd3 elementor-widget elementor-widget-heading\" data-id=\"f857dd3\" data-element_type=\"widget\" data-e-type=\"widget\" data-widget_type=\"heading.default\">\n\t\t\t\t<div class=\"elementor-widget-container\">\n\t\t\t\t\t<h1 class=\"elementor-heading-title elementor-size-default\">Pol\u00edtica de Privadesa i Termes i Condicions d'efb<\/h1>\t\t\t\t<\/div>\n\t\t\t\t<\/div>\n\t\t\t\t\t<\/div>\n\t\t\t\t<\/div>\n\t\t<div class=\"elementor-element elementor-element-efa8048 e-flex e-con-boxed e-con e-parent\" data-id=\"efa8048\" data-element_type=\"container\" data-e-type=\"container\">\n\t\t\t\t\t<div class=\"e-con-inner\">\n\t\t\t\t<div class=\"elementor-element elementor-element-1209be8 elementor-widget elementor-widget-spacer\" data-id=\"1209be8\" data-element_type=\"widget\" data-e-type=\"widget\" data-widget_type=\"spacer.default\">\n\t\t\t\t<div class=\"elementor-widget-container\">\n\t\t\t\t\t\t\t<div class=\"elementor-spacer\">\n\t\t\t<div class=\"elementor-spacer-inner\"><\/div>\n\t\t<\/div>\n\t\t\t\t\t\t<\/div>\n\t\t\t\t<\/div>\n\t\t\t\t<div class=\"elementor-element elementor-element-185fea5 elementor-widget elementor-widget-text-editor\" data-id=\"185fea5\" data-element_type=\"widget\" data-e-type=\"widget\" data-widget_type=\"text-editor.default\">\n\t\t\t\t<div class=\"elementor-widget-container\">\n\t\t\t\t\t\t\t\t\t<section id=\"comp-lpqrdevb\" class=\"Oqnisf comp-lpqrdevb wixui-section\" tabindex=\"-1\" data-block-level-container=\"ClassicSection\">\n<div id=\"bgLayers_comp-lpqrdevb\" class=\"MW5IWV\" data-hook=\"bgLayers\" data-motion-part=\"BG_LAYER\">\n<div id=\"bgMedia_comp-lpqrdevb\" class=\"VgO9Yg\" data-motion-part=\"BG_MEDIA\"> <\/div>\n<\/div>\n<\/section>\n<section id=\"comp-lpqrdevp2\" class=\"Oqnisf comp-lpqrdevp2 wixui-section\" tabindex=\"-1\" data-block-level-container=\"ClassicSection\">\n<div class=\"\" data-mesh-id=\"comp-lpqrdevp2inlineContent\" data-testid=\"inline-content\">\n<div data-mesh-id=\"comp-lpqrdevp2inlineContent-gridContainer\" data-testid=\"mesh-container-content\">\n<div id=\"comp-lpqrdevq7\" class=\"HcOXKn c9GqVL QxJLC3 lq2cno comp-lpqrdevq7 wixui-rich-text\" data-testid=\"richTextElement\">\n<h2 class=\"font_2 wixui-rich-text__text\"><span class=\"wixui-rich-text__text\">Pol\u00edtica de privadesa<\/span><\/h2>\n<\/div>\n<div id=\"comp-lpqsk7tx\" class=\"HcOXKn c9GqVL QxJLC3 lq2cno comp-lpqsk7tx wixui-rich-text\" data-testid=\"richTextElement\">\n<h5 class=\"font_5 wixui-rich-text__text\"><span class=\"wixui-rich-text__text\">Pol\u00edtica de privadesa d&#8217;essentialforbusiness.com<\/span><\/h5>\n<p class=\"font_8 wixui-rich-text__text\"><span class=\"wixui-rich-text__text\">Aquesta aplicaci\u00f3 recull algunes dades personals dels seus usuaris.<\/span><\/p>\n<p class=\"font_8 wixui-rich-text__text\"><span class=\"wixui-rich-text__text\">Aquest document es pot imprimir com a refer\u00e8ncia utilitzant l&#8217;ordre d&#8217;impressi\u00f3 a les opcions de configuraci\u00f3 de qualsevol navegador.<\/span><\/p>\n<p class=\"font_8 wixui-rich-text__text\"><span class=\"wixui-rich-text__text\"><span class=\"wixGuard wixui-rich-text__text\">\u200b<\/span><\/span><\/p>\n<h5 class=\"font_5 wixui-rich-text__text\"><span class=\"wixui-rich-text__text\">Titular i Responsable del tractament de les Dades<\/span><\/h5>\n<p class=\"font_8 wixui-rich-text__text\">Essential for Business Language Consulting SL<\/p>\n<p class=\"font_8 wixui-rich-text__text\">Passeig Sant Joan, 119 &#8211; AT PTA 1, Barcelona, \u200b\u200b08037, Barcelona<\/p>\n<p class=\"font_8 wixui-rich-text__text\">Correu electr\u00f2nic de contacte del Titular: <a class=\"wixui-rich-text__text\" href=\"mailto:info@essentialforbusiness.com\" data-auto-recognition=\"true\">info@essentialforbusiness.com<\/a><\/p>\n<p class=\"font_8 wixui-rich-text__text\"><span class=\"wixGuard wixui-rich-text__text\">\u200b<\/span><\/p>\n<h5 class=\"font_5 wixui-rich-text__text\"><span class=\"wixui-rich-text__text\">Classes de Dades recollides<\/span><\/h5>\n<p class=\"font_8 wixui-rich-text__text\">Entre les classes de dades personals que recull aquesta aplicaci\u00f3, ja sigui directament oa trav\u00e9s de tercers, es troben: dades d&#8217;\u00fas; nom; n\u00famero de tel\u00e8fon; adre\u00e7a de correu electr\u00f2nic; cognom(s).<\/p>\n<p class=\"font_8 wixui-rich-text__text\">La informaci\u00f3 completa referent a cada categoria de Dades Personals que es recullen es proporciona a les seccions de la present pol\u00edtica de privadesa dedicades amb aquesta finalitat o mitjan\u00e7ant textos explicatius espec\u00edfics que es mostren abans de la recollida d&#8217;aquestes Dades.<br class=\"wixui-rich-text__text\">Les Dades Personals podran ser proporcionades lliurement per l&#8217;Usuari o, en cas de les Dades d&#8217;\u00das, seran recollides autom\u00e0ticament quan s&#8217;utilitzi aquesta Aplicaci\u00f3.<br class=\"wixui-rich-text__text\">Llevat que s&#8217;indiqui el contrari, totes les dades sol\u00b7licitades per aquesta Aplicaci\u00f3 s\u00f3n obligat\u00f2ries i la negativa a proporcionar-les podr\u00e0 impossibilitar que aquesta Aplicaci\u00f3 pugui procedir a la prestaci\u00f3 dels seus serveis. En els casos en qu\u00e8 aquesta Aplicaci\u00f3 indiqui espec\u00edficament que certes Dades no s\u00f3n obligat\u00f2ries, els Usuaris seran lliures de no comunicar aquestes Dades sense que aix\u00f2 tingui cap conseq\u00fc\u00e8ncia sobre la disponibilitat o el funcionament del Servei. <br class=\"wixui-rich-text__text\">Els usuaris que tinguin dubtes sobre quines dades s\u00f3n obligat\u00f2ries poden contactar amb el titular.<br class=\"wixui-rich-text__text\">L&#8217;\u00fas de Cookies &#8211; od&#8217;altres eines de seguiment &#8211; per part d&#8217;aquesta Aplicaci\u00f3 o pels titulars de serveis de tercers utilitzats per aquesta Aplicaci\u00f3 t\u00e9 com a finalitat la prestaci\u00f3 del Servei sol\u00b7licitat per l&#8217;Usuari, a m\u00e9s de qualssevol altres finalitats que es descriguin a aquest document ia la Pol\u00edtica de Cookies.<\/p>\n<p class=\"font_8 wixui-rich-text__text\">L&#8217;Usuari assumeix la responsabilitat respecte de les dades personals de tercers que s&#8217;obtinguin, publiquin o comparteixin a trav\u00e9s d&#8217;aquesta Aplicaci\u00f3.<\/p>\n<p class=\"font_8 wixui-rich-text__text\"><span class=\"wixGuard wixui-rich-text__text\">\u200b<\/span><\/p>\n<h5 class=\"font_5 wixui-rich-text__text\"><span class=\"wixui-rich-text__text\">Modalitat i lloc del tractament de les dades recollides<\/span><\/h5>\n<h6 class=\"font_6 wixui-rich-text__text\"><span class=\"wixui-rich-text__text\">Modalitats de Tractament<\/span><\/h6>\n<p class=\"font_8 wixui-rich-text__text\">El Titular tractar\u00e0 les Dades dels Usuaris de manera adequada i adoptar\u00e0 les mesures de seguretat apropiades per impedir l&#8217;acc\u00e9s, la revelaci\u00f3, l&#8217;alteraci\u00f3 o la destrucci\u00f3 no autoritzades de les Dades.<br class=\"wixui-rich-text__text\"> El tractament de dades es realitzar\u00e0 mitjan\u00e7ant ordinadors i\/o eines inform\u00e0tiques, seguint procediments i modalitats organitzatives estrictament relacionades amb les finalitats assenyalades. A m\u00e9s a m\u00e9s del Titular, en alguns casos podran accedir a les Dades certes categories de persones autoritzades, relacionades amb el funcionament d&#8217;aquesta Aplicaci\u00f3 (administraci\u00f3, vendes, m\u00e0rqueting, departament jur\u00eddic i d&#8217;administraci\u00f3 de sistemes) o contractistes externs que prestin serveis al Titular (tals com a prove\u00efdors externs de serveis t\u00e8cnics, empreses de missatgeria, empreses de hosting, empreses d&#8217;inform\u00e0tica, ag\u00e8ncies de comunicaci\u00f3) que seran nomenats pel Titular com a Encarregats del Tractament, si cal. Es podr\u00e0 sol\u00b7licitar al Titular en qualsevol moment una llista actualitzada de les persones esmentades.  <\/p>\n<p class=\"font_8 wixui-rich-text__text\"><span class=\"wixGuard wixui-rich-text__text\">\u200b<\/span><\/p>\n<p class=\"font_8 wixui-rich-text__text\">Ens associem amb Microsoft Clarity i Microsoft Advertising per capturar com utilitza i interactua amb el nostre lloc web a trav\u00e9s de m\u00e8triques de comportament, mapes de calor i repetici\u00f3 de sessions per millorar i comercialitzar els nostres productes\/serveis. Les dades d\u00fas del lloc web es capturen utilitzant cookies pr\u00f2pies i de tercers i altres tecnologies de seguiment per determinar la popularitat de productes\/serveis i lactivitat en l\u00ednia. A m\u00e9s, utilitzem aquesta informaci\u00f3 per a optimitzaci\u00f3 del lloc, fins de frau\/seguretat i publicitat. Per obtenir m\u00e9s informaci\u00f3 sobre com recopila i utilitza les vostres dades, visiteu la <span class=\"wixui-rich-text__text\"><a class=\"wixui-rich-text__text\" href=\"https:\/\/privacy.microsoft.com\/es-ES\/privacystatement\" target=\"_blank\" rel=\"noreferrer noopener nofollow\">Declaraci\u00f3 de privadesa de Microsoft.<\/a><\/span> .   <\/p>\n<p class=\"font_8 wixui-rich-text__text\"><span class=\"wixGuard wixui-rich-text__text\">\u200b<\/span><\/p>\n<h6 class=\"font_6 wixui-rich-text__text\"><span class=\"wixui-rich-text__text\">Lloc<\/span><\/h6>\n<p class=\"font_8 wixui-rich-text__text\">Les Dades es tracten a les oficines del Titular, aix\u00ed com en qualsevol altre lloc on es trobin situades les parts implicades en aquest proc\u00e9s de tractament.<br class=\"wixui-rich-text__text\"> Depenent de la localitzaci\u00f3 dels usuaris, les transfer\u00e8ncies de dades poden implicar la transfer\u00e8ncia de les dades dels usuaris a un altre pa\u00eds diferent del seu propi. Per a m\u00e9s informaci\u00f3 sobre el lloc de tractament d&#8217;aquestes dades transferides, els usuaris podran consultar la secci\u00f3 que cont\u00e9 els detalls sobre el tractament de les dades personals. <\/p>\n<p class=\"font_8 wixui-rich-text__text\"><span class=\"wixGuard wixui-rich-text__text\">\u200b<\/span><\/p>\n<h6 class=\"font_6 wixui-rich-text__text\"><span class=\"wixui-rich-text__text\">Per\u00edode de conservaci\u00f3<\/span><\/h6>\n<p class=\"font_8 wixui-rich-text__text\">Llevat que s&#8217;indiqui el contrari al present document, les Dades Personals seran tractades i conservades durant el temps necessari i per a la finalitat per la qual han estat recollides i podran conservar-se durant m\u00e9s temps a causa d&#8217;una obligaci\u00f3 legal pertinent o sobre la base del consentiment dels Usuaris.<\/p>\n<p class=\"font_8 wixui-rich-text__text\"><span class=\"wixGuard wixui-rich-text__text\">\u200b<\/span><\/p>\n<h5 class=\"font_5 wixui-rich-text__text\"><span class=\"wixui-rich-text__text\">Finalitat del Tractament de les Dades recollides<\/span><\/h5>\n<p class=\"font_8 wixui-rich-text__text\">Les Dades relatives a l&#8217;Usuari s\u00f3n recollides per permetre al Titular prestar el Servei, complir les seves obligacions legals, respondre a sol\u00b7licituds d&#8217;execuci\u00f3, protegir els seus drets i interessos (o els dels Usuaris o tercers), detectar qualsevol activitat maliciosa o fraudulenta, aix\u00ed com per a les seg\u00fcents finalitats: Serveis de plataforma i d&#8217;allotjament, Monitoritzaci\u00f3 de la infrastructura, Contactar amb l&#8217;Usuari i Registre i autenticaci\u00f3 prestats directament per aquesta Aplicaci\u00f3.<\/p>\n<p class=\"font_8 wixui-rich-text__text\">Els Usuaris poden trobar informaci\u00f3 espec\u00edfica les Dades personals utilitzades per a cada finalitat a la secci\u00f3 \u201cInformaci\u00f3 detallada del Tractament de les Dades Personals\u201d.<\/p>\n<p class=\"font_8 wixui-rich-text__text\"><span class=\"inherit-font-size wixui-rich-text__text\"><span class=\"wixGuard wixui-rich-text__text\">\u200b<\/span><\/span><\/p>\n<h5 class=\"font_5 wixui-rich-text__text\"><span class=\"wixui-rich-text__text\">Informaci\u00f3 detallada del Tractament de les Dades Personals<\/span><\/h5>\n<p class=\"font_8 wixui-rich-text__text\">Les Dades Personals es recullen per a les seg\u00fcents finalitats i utilitzant els serveis seg\u00fcents:<\/p>\n<ul class=\"font_7 wixui-rich-text__text\">\n<li class=\"wixui-rich-text__text\">\n<p class=\"font_7 wixui-rich-text__text\"><span class=\"wixui-rich-text__text\">Contactar amb l&#8217;Usuari<\/span><\/p>\n<\/li>\n<li class=\"wixui-rich-text__text\">\n<p class=\"font_7 wixui-rich-text__text\"><span class=\"wixui-rich-text__text\">Monitoritzaci\u00f3 de la infrastructura<\/span><\/p>\n<\/li>\n<li class=\"wixui-rich-text__text\">\n<p class=\"font_7 wixui-rich-text__text\"><span class=\"wixui-rich-text__text\">Registre i autenticaci\u00f3 prestats directament per aquesta Aplicaci\u00f3<\/span><\/p>\n<\/li>\n<li class=\"wixui-rich-text__text\">\n<p class=\"font_7 wixui-rich-text__text\"><span class=\"wixui-rich-text__text\">Serveis de plataforma i allotjament<\/span><\/p>\n<\/li>\n<\/ul>\n<p class=\"font_7 wixui-rich-text__text\"><span class=\"inherit-font-size wixui-rich-text__text\"><span class=\"wixGuard wixui-rich-text__text\">\u200b<\/span><\/span><\/p>\n<h5 class=\"font_5 wixui-rich-text__text\"><span class=\"wixui-rich-text__text\">Pol\u00edtica de Cookies<\/span><\/h5>\n<p class=\"font_8 wixui-rich-text__text\">Aquesta Aplicaci\u00f3 utilitza Rastrejadors. Per obtenir m\u00e9s informaci\u00f3, els Usuaris poden consultar la <span class=\"wixui-rich-text__text\"><a class=\"wixui-rich-text__text\" href=\"https:\/\/www.iubenda.com\/privacy-policy\/99501431\/cookie-policy\" target=\"_blank\" rel=\"noreferrer noopener nofollow\">Pol\u00edtica de Cookies<\/a><\/span> . <\/p>\n<h5 class=\"font_5 wixui-rich-text__text\"> <\/h5>\n<h5 class=\"font_5 wixui-rich-text__text\"><span class=\"wixui-rich-text__text\">M\u00e9s informaci\u00f3 per als usuaris<\/span><\/h5>\n<h5 class=\"font_5 wixui-rich-text__text\"><span class=\"wixui-rich-text__text\">Base jur\u00eddica del Tractament<\/span><\/h5>\n<p class=\"font_8 wixui-rich-text__text\">El Titular podr\u00e0 tractar les Dades Personals de l&#8217;Usuari, si es compleix una de les condicions seg\u00fcents:<\/p>\n<ul class=\"font_8 wixui-rich-text__text\">\n<li class=\"wixui-rich-text__text\">\n<p class=\"font_8 wixui-rich-text__text\">Quan els usuaris hagin donat el seu consentiment per a una o m\u00e9s finalitats espec\u00edfiques. Av\u00eds: A l&#8217;empara de diverses legislacions diferents, el Titular podr\u00e0 estar autoritzat a tractar les Dades Personals fins que l&#8217;Usuari s&#8217;hi oposi (\u201copci\u00f3 de no participaci\u00f3\u201d), sense necessitat de consentiment o de qualsevol altra base jur\u00eddica. Aix\u00f2 no obstant, aix\u00f2 no \u00e9s aplicable quan el tractament de les dades personals estigui subjecte a la normativa europea en mat\u00e8ria de protecci\u00f3 de dades personals;  <\/p>\n<\/li>\n<li class=\"wixui-rich-text__text\">\n<p class=\"font_8 wixui-rich-text__text\">Quan lobtenci\u00f3 de Dades sigui necess\u00e0ria per al compliment dun contracte amb lUsuari i\/o qualsevol altra obligaci\u00f3 precontractual del mateix;<\/p>\n<\/li>\n<li class=\"wixui-rich-text__text\">\n<p class=\"font_8 wixui-rich-text__text\">Quan el tractament sigui necessari per complir una obligaci\u00f3 legal de compliment obligat per part de l&#8217;Usuari;<\/p>\n<\/li>\n<li class=\"wixui-rich-text__text\">\n<p class=\"font_8 wixui-rich-text__text\">Quan el tractament estigui relacionat amb una tasca executada en inter\u00e8s p\u00fablic o en lexercici de compet\u00e8ncies oficials atorgades al Titular;<\/p>\n<\/li>\n<li class=\"wixui-rich-text__text\">\n<p class=\"font_8 wixui-rich-text__text\">Quan el tractament sigui necessari per tal d&#8217;un inter\u00e8s leg\u00edtim perseguit pel titular o un tercer.<\/p>\n<\/li>\n<\/ul>\n<p class=\"font_8 wixui-rich-text__text\">En qualsevol cas, el Titular est\u00e0 a la vostra disposici\u00f3 per definir les bases jur\u00eddiques espec\u00edfiques que s&#8217;apliquen al tractament i en particular, si l&#8217;obtenci\u00f3 de les dades personals \u00e9s un requisit contractual o estatutari o un requisit necessari per formalitzar un contracte.<\/p>\n<p class=\"font_8 wixui-rich-text__text\"><span class=\"wixGuard wixui-rich-text__text\">\u200b<\/span><\/p>\n<h5 class=\"font_5 wixui-rich-text__text\"><span class=\"wixui-rich-text__text\">M\u00e9s informaci\u00f3 sobre el temps de retenci\u00f3<\/span><\/h5>\n<p class=\"font_8 wixui-rich-text__text\">Llevat que s&#8217;indiqui el contrari al present document, les Dades Personals seran tractades i conservades durant el temps necessari i per a la finalitat per la qual han estat recollides i podran conservar-se durant m\u00e9s temps a causa d&#8217;una obligaci\u00f3 legal pertinent o sobre la base del consentiment dels Usuaris.<\/p>\n<p class=\"font_8 wixui-rich-text__text\">Per tant:<\/p>\n<ul class=\"font_8 wixui-rich-text__text\">\n<li class=\"wixui-rich-text__text\">\n<p class=\"font_8 wixui-rich-text__text\">Les dades personals recollides per a la formalitzaci\u00f3 d&#8217;un contracte entre el titular i l&#8217;usuari s&#8217;han de conservar com a tals fins que aquest contracte s&#8217;hagi formalitzat completament.<\/p>\n<\/li>\n<li class=\"wixui-rich-text__text\">\n<p class=\"font_8 wixui-rich-text__text\">Les dades personals recollides en leg\u00edtim inter\u00e8s del titular s&#8217;han de conservar durant el temps necessari per complir aquesta finalitat. Els usuaris poden trobar informaci\u00f3 espec\u00edfica relacionada amb l&#8217;inter\u00e8s leg\u00edtim del titular consultant les seccions rellevants del present document o contactant amb el titular. <\/p>\n<\/li>\n<\/ul>\n<p class=\"font_8 wixui-rich-text__text\">El Titular podr\u00e0 conservar les Dades Personals durant un per\u00edode addicional quan l&#8217;Usuari presti el seu consentiment a aquest tractament, sempre que aquest consentiment segueixi vigent. A m\u00e9s, el titular estar\u00e0 obligat a conservar dades personals durant un per\u00edode addicional sempre que calgui per al compliment d&#8217;una obligaci\u00f3 legal o per ordre que procedeixi de l&#8217;autoritat. <br class=\"wixui-rich-text__text\"><br class=\"wixui-rich-text__text\">Un cop acabat el per\u00edode de conservaci\u00f3, les dades personals s&#8217;han d&#8217;eliminar. Per tant, els drets d&#8217;acc\u00e9s, modificaci\u00f3, rectificaci\u00f3 i portabilitat de dades no es poden exercir una vegada hagi expirat aquest per\u00edode. <\/p>\n<p class=\"font_8 wixui-rich-text__text\"><span class=\"inherit-font-size wixui-rich-text__text\"><span class=\"wixGuard wixui-rich-text__text\">\u200b<\/span><\/span><\/p>\n<h5 class=\"font_5 wixui-rich-text__text\"><span class=\"wixui-rich-text__text\">Els drets dels usuaris<\/span><\/h5>\n<p class=\"font_8 wixui-rich-text__text\">Els Usuaris podran exercir certs drets pel que fa al tractament de Dades per part del Titular.<\/p>\n<p class=\"font_8 wixui-rich-text__text\">En particular, els Usuaris tenen dret a fer el seg\u00fcent, en la mesura que ho permeti la llei:<\/p>\n<ul class=\"font_8 wixui-rich-text__text\">\n<li class=\"wixui-rich-text__text\">\n<p class=\"font_8 wixui-rich-text__text\">Retireu el vostre consentiment en qualsevol moment. Els Usuaris tenen dret a retirar el seu consentiment quan ho hagueren concedit amb anterioritat per al tractament de les seues Dades Personals. <\/p>\n<\/li>\n<li class=\"wixui-rich-text__text\">\n<p class=\"font_8 wixui-rich-text__text\">Objecci\u00f3 al tractament de les vostres dades. Els usuaris tenen dret a oposar-se al tractament de les seves dades si aquest tractament es duu a terme d&#8217;acord amb una base jur\u00eddica diferent del consentiment. <\/p>\n<\/li>\n<li class=\"wixui-rich-text__text\">\n<p class=\"font_8 wixui-rich-text__text\">Acc\u00e9s a les vostres dades. Els Usuaris tenen dret a con\u00e8ixer si les Dades seran tractades pel Titular, a obtenir informaci\u00f3 sobre certs aspectes del tractament, a m\u00e9s d&#8217;obtenir una c\u00f2pia de les Dades objecte del tractament. <\/p>\n<\/li>\n<li class=\"wixui-rich-text__text\">\n<p class=\"font_8 wixui-rich-text__text\">Verificar i sol\u00b7licitar la modificaci\u00f3. Els Usuaris tenen dret a verificar l&#8217;exactitud de les seves Dades i sol\u00b7licitar que s&#8217;actualitzin o es corregeixin. <\/p>\n<\/li>\n<li class=\"wixui-rich-text__text\">\n<p class=\"font_8 wixui-rich-text__text\">Limitar el tractament de les vostres dades. Els usuaris tenen dret a limitar el tractament de les seves dades. En aquest sup\u00f2sit, el titular nom\u00e9s tractar\u00e0 les seves dades amb la finalitat d&#8217;emmagatzemar-les.  <\/p>\n<\/li>\n<li class=\"wixui-rich-text__text\">\n<p class=\"font_8 wixui-rich-text__text\">Esborrar o eliminar les Dades Personals. Els usuaris tenen dret a obtenir la supressi\u00f3 de les seves dades per part del titular. <\/p>\n<\/li>\n<li class=\"wixui-rich-text__text\">\n<p class=\"font_8 wixui-rich-text__text\">Rebre les Dades i transferir-les a un altre responsable. Els Usuaris tenen dret a rebre les seves Dades en un format estructurat, d&#8217;\u00fas com\u00fa i lectura mec\u00e0nica i, si fos t\u00e8cnicament possible, que es transmetin a un altre responsable sense cap impediment. <\/p>\n<\/li>\n<li class=\"wixui-rich-text__text\">\n<p class=\"font_8 wixui-rich-text__text\">Posar una reclamaci\u00f3. Els usuaris tenen dret a posar una reclamaci\u00f3 davant l&#8217;autoritat competent en mat\u00e8ria de protecci\u00f3 de dades de car\u00e0cter personal. <\/p>\n<\/li>\n<\/ul>\n<p class=\"font_8 wixui-rich-text__text\">Els Usuaris tamb\u00e9 tindran dret a con\u00e8ixer les bases legals de les transfer\u00e8ncies de Dades a l&#8217;estranger, incl\u00f2s qualsevol organitzaci\u00f3 internacional que es regeixi pel Dret Internacional P\u00fablic o que estigui formada per dos o m\u00e9s pa\u00efsos, com l&#8217;ONU, ia con\u00e8ixer les mesures de seguretat preses pel titular per salvaguardar les seves dades.<\/p>\n<p class=\"font_8 wixui-rich-text__text\"><span class=\"wixGuard wixui-rich-text__text\">\u200b<\/span><\/p>\n<h6 class=\"font_6 wixui-rich-text__text\"><span class=\"wixui-rich-text__text\">Detalls sobre el dret d&#8217;oposici\u00f3 al tractament<\/span><\/h6>\n<p class=\"font_8 wixui-rich-text__text\">Quan el tractament de les dades personals sigui d&#8217;inter\u00e8s p\u00fablic, en l&#8217;exercici de compet\u00e8ncies oficials atorgades al Titular o amb motiu d&#8217;un inter\u00e8s leg\u00edtim del Titular, els Usuaris podran oposar-se a aquest tractament explicant un motiu amb relaci\u00f3 a la seva situaci\u00f3 particular per justificar-ne el objecci\u00f3.<\/p>\n<p class=\"font_8 wixui-rich-text__text\">Els Usuaris han de saber, per\u00f2, que en cas que les seves Dades Personals siguin tractades amb fins de m\u00e0rqueting directe, poden oposar-se en qualsevol moment a aquest tractament, de manera gratu\u00efta i sense necessitat de justificaci\u00f3. Quan l&#8217;Usuari s&#8217;oposi al tractament per a fins de m\u00e0rqueting directe, les Dades Personals no podran continuar sent tractades per a aquests fins. Per saber si les Dades Personals dels Usuaris estan sent tractades pel Titular per a fins de m\u00e0rqueting directe, els Usuaris hauran de consultar les seccions rellevants del present document.  <\/p>\n<p class=\"font_8 wixui-rich-text__text\"><span class=\"inherit-font-size wixui-rich-text__text\"><span class=\"wixGuard wixui-rich-text__text\">\u200b<\/span><\/span><\/p>\n<h6 class=\"font_6 wixui-rich-text__text\"><span class=\"wixui-rich-text__text\">Com exercir aquests drets<\/span><\/h6>\n<p class=\"font_8 wixui-rich-text__text\">Qualsevol sol\u00b7licitud per exercir els drets de l&#8217;Usuari pot adre\u00e7ar-se al Titular a trav\u00e9s de les dades de contacte facilitades al present document. Aquestes sol\u00b7licituds seran tramitades pel Titular sense cap cost i el Titular hi respondr\u00e0 tan aviat com li sigui possible i sempre dins del termini d&#8217;un mes, proporcionant als Usuaris la informaci\u00f3 exigida per la llei. El titular comunicar\u00e0 qualsevol rectificaci\u00f3 o supressi\u00f3 de dades personals o limitaci\u00f3 del tractament, a cada destinatari, si s&#8217;escau, al qual se li hagin comunicat les dades personals, llevat que sigui impossible o exigeixi un esfor\u00e7 desproporcionat. A sol\u00b7licitud dels Usuaris, el Titular us informar\u00e0 sobre aquests destinataris.   <\/p>\n<p class=\"font_8 wixui-rich-text__text\"><span class=\"wixGuard wixui-rich-text__text\">\u200b<\/span><\/p>\n<h5 class=\"font_5 wixui-rich-text__text\"><span class=\"wixui-rich-text__text\">Informaci\u00f3 addicional sobre la recollida de dades i el tractament<\/span><\/h5>\n<h6 class=\"font_6 wixui-rich-text__text\"><span class=\"wixui-rich-text__text\">Defensa jur\u00eddica<\/span><\/h6>\n<p class=\"font_8 wixui-rich-text__text\">Les dades personals de l&#8217;usuari podran ser utilitzades per a la defensa jur\u00eddica del titular davant d&#8217;un tribunal o en les fases judicials pr\u00e8vies a un possible plet derivat de l&#8217;\u00fas inapropiat d&#8217;aquesta aplicaci\u00f3 o dels serveis relacionats.<br class=\"wixui-rich-text__text\"> L&#8217;Usuari declara con\u00e8ixer que el Titular pot ser requerit per les autoritats p\u00fabliques per tal de revelar Dades Personals.<\/p>\n<p class=\"font_8 wixui-rich-text__text\"><span class=\"wixGuard wixui-rich-text__text\">\u200b<\/span><\/p>\n<h5 class=\"font_5 wixui-rich-text__text\"><span class=\"wixui-rich-text__text\">Informaci\u00f3 addicional sobre les dades personals de l&#8217;usuari<\/span><\/h5>\n<p class=\"font_8 wixui-rich-text__text\">A m\u00e9s de les informacions contingudes en aquesta pol\u00edtica de privadesa, aquesta Aplicaci\u00f3 podr\u00e0 proporcionar a l&#8217;Usuari informaci\u00f3 addicional i contextual relativa a Serveis espec\u00edfics oa la recollida i tractament de les Dades Personals.<\/p>\n<p class=\"font_8 wixui-rich-text__text\"><span class=\"wixGuard wixui-rich-text__text\">\u200b<\/span><\/p>\n<h5 class=\"font_5 wixui-rich-text__text\"><span class=\"wixui-rich-text__text\">Log del sistema i manteniment<\/span><\/h5>\n<p class=\"font_8 wixui-rich-text__text\">Per motius relatius al funcionament i manteniment, aquesta Aplicaci\u00f3 i qualsevol altre servei, proporcionat per tercers, que es faci servir, podr\u00e0 recollir un registre del sistema; \u00e9s a dir, fitxers que registren la interacci\u00f3 amb aquesta Aplicaci\u00f3 i que puguin contenir Dades Personals, com ara l&#8217;adre\u00e7a IP de l&#8217;Usuari.<\/p>\n<p class=\"font_8 wixui-rich-text__text\"><span class=\"inherit-font-size wixui-rich-text__text\"><span class=\"wixGuard wixui-rich-text__text\">\u200b<\/span><\/span><\/p>\n<h5 class=\"font_5 wixui-rich-text__text\"><span class=\"wixui-rich-text__text\">Informaci\u00f3 no continguda en aquesta pol\u00edtica de privadesa<\/span><\/h5>\n<p class=\"font_8 wixui-rich-text__text\">Es podr\u00e0 sol\u00b7licitar en qualsevol moment informaci\u00f3 addicional sobre la recollida i el tractament de les dades personals al titular. La informaci\u00f3 de contacte s&#8217;indica al comen\u00e7ament del present document. <\/p>\n<p class=\"font_8 wixui-rich-text__text\"><span class=\"inherit-font-size wixui-rich-text__text\"><span class=\"wixGuard wixui-rich-text__text\">\u200b<\/span><\/span><\/p>\n<h5 class=\"font_5 wixui-rich-text__text\"><span class=\"wixui-rich-text__text\">Modificaci\u00f3 de la present pol\u00edtica de privadesa<\/span><\/h5>\n<p class=\"font_8 wixui-rich-text__text\">El Titular es reserva el dret de modificar aquesta pol\u00edtica de privadesa en qualsevol moment, notificant-ho als Usuaris a trav\u00e9s d&#8217;aquesta p\u00e0gina i, si \u00e9s possible, a trav\u00e9s d&#8217;aquesta Aplicaci\u00f3 i\/o de ser t\u00e8cnicament i legalment possible notificant directament als Usuaris , en cas que el Titular compti amb la informaci\u00f3 de contacte necess\u00e0ria amb aquesta finalitat. Es recomana encaridament que revisin aquesta p\u00e0gina amb freq\u00fc\u00e8ncia, prenent com a refer\u00e8ncia la data de la darrera actualitzaci\u00f3 indicada al final de la p\u00e0gina. <br class=\"wixui-rich-text__text\"><br class=\"wixui-rich-text__text\">En cas que els canvis afectessin les activitats de tractament realitzades sobre la base del consentiment de l&#8217;Usuari, el Titular haur\u00e0 d&#8217;obtenir, si cal, el nou consentiment de l&#8217;Usuari.<\/p>\n<\/div>\n<\/div>\n<\/div>\n<\/section>\n<section id=\"comp-lpqswt8m\" class=\"Oqnisf comp-lpqswt8m wixui-section\" tabindex=\"-1\" data-block-level-container=\"ClassicSection\">\n<div id=\"bgLayers_comp-lpqswt8m\" class=\"MW5IWV\" data-hook=\"bgLayers\" data-motion-part=\"BG_LAYER\">\n<div class=\"LWbAav Kv1aVt\" data-testid=\"colorUnderlay\"> <\/div>\n<div id=\"bgMedia_comp-lpqswt8m\" class=\"VgO9Yg\" data-motion-part=\"BG_MEDIA\"> <\/div>\n<\/div>\n<div class=\"\" data-mesh-id=\"comp-lpqswt8minlineContent\" data-testid=\"inline-content\">\n<div data-mesh-id=\"comp-lpqswt8minlineContent-gridContainer\" data-testid=\"mesh-container-content\">\n<div id=\"comp-lpqswt9v1\" class=\"HcOXKn c9GqVL QxJLC3 lq2cno comp-lpqswt9v1 wixui-rich-text\" data-testid=\"richTextElement\">\n<h2 class=\"font_2 wixui-rich-text__text\"><span class=\"wixui-rich-text__text\">Termes i Condicions<\/span><\/h2>\n<\/div>\n<div id=\"comp-lpqswt9x\" class=\"HcOXKn c9GqVL QxJLC3 lq2cno comp-lpqswt9x wixui-rich-text\" data-testid=\"richTextElement\">\n<h4 class=\"font_4 wixui-rich-text__text\">Termes i condicions<\/h4>\n<p class=\"font_8 wixui-rich-text__text\">Benvingut a essential for business!<\/p>\n<p class=\"font_8 wixui-rich-text__text\">Aquests termes i condicions descriuen les regles i les regulacions per a l&#8217;\u00fas del lloc web d&#8217;Essential for Business, ubicat a essentialforbusiness.com.<\/p>\n<p class=\"font_8 wixui-rich-text__text\">En accedir a aquest lloc web, assumim que acceptes aquests termes i condicions. No continueu usant essential for business si no esteu d&#8217;acord amb tots els termes i condicions establerts en aquesta p\u00e0gina. <\/p>\n<p class=\"font_8 wixui-rich-text__text\"><span class=\"wixGuard wixui-rich-text__text\">\u200b<\/span><\/p>\n<h4 class=\"font_4 wixui-rich-text__text\">Cookies:<\/h4>\n<p class=\"font_8 wixui-rich-text__text\">El lloc web utilitza galetes per ajudar a personalitzar la teva experi\u00e8ncia en l\u00ednia. En accedir a essential for business, vas acceptar utilitzar les galetes necess\u00e0ries. <\/p>\n<p class=\"font_8 wixui-rich-text__text\">Una galeta \u00e9s un fitxer de text que un servidor de p\u00e0gines web col\u00b7loca al teu disc dur. Les galetes no es poden utilitzar per executar programes o enviar virus al teu ordinador. Les cookies se t&#8217;assignen de forma exclusiva i nom\u00e9s un servidor web al domini que va emetre la galeta les pot llegir.  <\/p>\n<p class=\"font_8 wixui-rich-text__text\">Podem utilitzar cookies per recopilar, emmagatzemar i rastrejar informaci\u00f3 amb finalitats estad\u00edstiques o de m\u00e0rqueting per operar el nostre lloc web. Tens la capacitat d&#8217;acceptar o rebutjar galetes opcionals. Hi ha algunes galetes obligat\u00f2ries que s\u00f3n necess\u00e0ries per al funcionament del nostre lloc web. Aquestes galetes no requereixen el teu consentiment ja que sempre funcionen. Tingues en compte que en acceptar les galetes requerides, tamb\u00e9 acceptes les galetes de tercers, que podrien utilitzar-se a trav\u00e9s de serveis proporcionats per tercers si utilitzes aquests serveis al nostre lloc web, per exemple, una finestra de visualitzaci\u00f3 de v\u00eddeo proporcionada per tercers i integrada al nostre lloc web.    <\/p>\n<p class=\"font_8 wixui-rich-text__text\"><span class=\"wixGuard wixui-rich-text__text\">\u200b<\/span><\/p>\n<h4 class=\"font_4 wixui-rich-text__text\">Llic\u00e8ncia:<\/h4>\n<p class=\"font_8 wixui-rich-text__text\">Llevat que s&#8217;indiqui el contrari, Essential for Business i\/o els seus llicenciants tenen els drets de propietat intel\u00b7lectual de tot el material a essential for business. Tots els drets de propietat intel\u00b7lectual s\u00f3n reservats. Podeu accedir des d&#8217;essential for business per al vostre \u00fas personal subjecte a les restriccions establertes en aquests termes i condicions.  <\/p>\n<p class=\"font_8 wixui-rich-text__text\">No cal:<\/p>\n<ul class=\"font_8 wixui-rich-text__text\">\n<li class=\"wixui-rich-text__text\">\n<p class=\"font_8 wixui-rich-text__text\">Copiar o tornar a publicar material d&#8217;essential for business<\/p>\n<\/li>\n<li class=\"wixui-rich-text__text\">\n<p class=\"font_8 wixui-rich-text__text\">Vendre, llogar o subllicenciar material d&#8217;essential for business<\/p>\n<\/li>\n<li class=\"wixui-rich-text__text\">\n<p class=\"font_8 wixui-rich-text__text\">Reproduir, duplicar o copiar material d&#8217;essential for business<\/p>\n<\/li>\n<li class=\"wixui-rich-text__text\">\n<p class=\"font_8 wixui-rich-text__text\">Redistribuir contingut d&#8217;essential for business<\/p>\n<\/li>\n<\/ul>\n<p class=\"font_8 wixui-rich-text__text\">Aquest acord comen\u00e7ar\u00e0 la data present.<\/p>\n<p class=\"font_8 wixui-rich-text__text\">Parts d&#8217;aquest lloc web ofereixen als usuaris l&#8217;oportunitat de publicar i intercanviar opinions i informaci\u00f3 a determinades \u00e0rees. Essential for Business no filtra, edita, publica ni revisa els comentaris abans de la seva pres\u00e8ncia al lloc web. Els comentaris no reflecteixen els punts de vista ni les opinions d&#8217;Essential for Business, els seus agents i\/o afiliats. Els comentaris reflecteixen els punts de vista i les opinions de la persona que publica. En la mesura que ho permetin les lleis aplicables, Essential for Business no ser\u00e0 responsable dels comentaris ni de cap responsabilitat, danys o despeses causades o patides com a resultat de qualsevol \u00fas o publicaci\u00f3 o aparen\u00e7a de comentaris en aquest lloc web.    <\/p>\n<p class=\"font_8 wixui-rich-text__text\">Essential for Business es reserva el dret de monitoritzar tots els comentaris i eliminar els que es puguin considerar inadequats, ofensius o que incompleixin aquests Termes i Condicions.<\/p>\n<p class=\"font_8 wixui-rich-text__text\">Garanteixes i declares que:<\/p>\n<ul class=\"font_8 wixui-rich-text__text\">\n<li class=\"wixui-rich-text__text\">\n<p class=\"font_8 wixui-rich-text__text\">Tens dret a publicar comentaris al nostre lloc web i tens totes les llic\u00e8ncies i consentiments necessaris per fer-ho;<\/p>\n<\/li>\n<li class=\"wixui-rich-text__text\">\n<p class=\"font_8 wixui-rich-text__text\">Els comentaris no envaeixen cap dret de propietat intel\u00b7lectual, inclosos, entre d&#8217;altres, els drets d&#8217;autor, les patents o les marques comercials de tercers;<\/p>\n<\/li>\n<li class=\"wixui-rich-text__text\">\n<p class=\"font_8 wixui-rich-text__text\">Els comentaris no contenen cap material difamatori, calumni\u00f3s, ofensiu, indecent o il\u00b7legal d&#8217;una altra manera, que sigui una invasi\u00f3 de la privadesa.<\/p>\n<\/li>\n<li class=\"wixui-rich-text__text\">\n<p class=\"font_8 wixui-rich-text__text\">Els comentaris no es faran servir per sol\u00b7licitar o promoure negocis o activitats comercials personalitzades o presents o activitats il\u00b7legals.<\/p>\n<\/li>\n<\/ul>\n<p class=\"font_8 wixui-rich-text__text\">Per la present, atorgues a Essential for Business una llic\u00e8ncia no exclusiva per a usar, reproduir, editar i autoritzar altres a usar, reproduir i editar qualsevol dels teus comentaris en totes i cadascuna de les formes, formats o mitjans.<\/p>\n<p class=\"font_8 wixui-rich-text__text\"><span class=\"wixGuard wixui-rich-text__text\">\u200b<\/span><\/p>\n<h4 class=\"font_4 wixui-rich-text__text\">Hipervincles al nostre contingut:<\/h4>\n<p class=\"font_8 wixui-rich-text__text\">Les seg\u00fcents organitzacions poden vincular-se al nostre lloc web sense aprovaci\u00f3 pr\u00e8via per escrit:<\/p>\n<ul class=\"font_8 wixui-rich-text__text\">\n<li class=\"wixui-rich-text__text\">\n<p class=\"font_8 wixui-rich-text__text\">Ag\u00e8ncies governamentals;<\/p>\n<\/li>\n<li class=\"wixui-rich-text__text\">\n<p class=\"font_8 wixui-rich-text__text\">Motors de cerca;<\/p>\n<\/li>\n<li class=\"wixui-rich-text__text\">\n<p class=\"font_8 wixui-rich-text__text\">Organitzacions de not\u00edcies;<\/p>\n<\/li>\n<li class=\"wixui-rich-text__text\">\n<p class=\"font_8 wixui-rich-text__text\">Els distribu\u00efdors de directoris en l\u00ednia poden vincular-se al nostre lloc web de la mateixa manera que fan hipervincles als llocs web daltres empreses que figuren a la llista; i<\/p>\n<\/li>\n<li class=\"wixui-rich-text__text\">\n<p class=\"font_8 wixui-rich-text__text\">Empreses acreditades en tot el sistema, excepte que sol\u00b7licitin organitzacions sense \u00e0nim de lucre, centres comercials de caritat i grups de recaptaci\u00f3 de fons de caritat que no poden fer hipervincles al nostre lloc web.<\/p>\n<\/li>\n<\/ul>\n<p class=\"font_8 wixui-rich-text__text\">Aquestes organitzacions poden enlla\u00e7ar a la nostra p\u00e0gina d&#8217;inici, publicacions o altra informaci\u00f3 del lloc sempre que l&#8217;enlla\u00e7: (a) no sigui engany\u00f3s de cap manera; (b) no impliqui falsament patrocini, suport o aprovaci\u00f3 de la part vinculant i els seus productes i\/o serveis; i (c) encaixa en el context del lloc de la part vinculant.   <\/p>\n<p class=\"font_8 wixui-rich-text__text\">Podem considerar i aprovar altres sol\u00b7licituds d&#8217;enlla\u00e7os dels tipus d&#8217;organitzacions seg\u00fcents:<\/p>\n<ul class=\"font_8 wixui-rich-text__text\">\n<li class=\"wixui-rich-text__text\">\n<p class=\"font_8 wixui-rich-text__text\">fonts d&#8217;informaci\u00f3 de consumidors i\/o empreses conegudes comunament;<\/p>\n<\/li>\n<li class=\"wixui-rich-text__text\">\n<p class=\"font_8 wixui-rich-text__text\">llocs de la comunitat .com;<\/p>\n<\/li>\n<li class=\"wixui-rich-text__text\">\n<p class=\"font_8 wixui-rich-text__text\">associacions o altres grups que representen organitzacions ben\u00e8fiques;<\/p>\n<\/li>\n<li class=\"wixui-rich-text__text\">\n<p class=\"font_8 wixui-rich-text__text\">distribu\u00efdors de directoris en l\u00ednia;<\/p>\n<\/li>\n<li class=\"wixui-rich-text__text\">\n<p class=\"font_8 wixui-rich-text__text\">portals dInternet;<\/p>\n<\/li>\n<li class=\"wixui-rich-text__text\">\n<p class=\"font_8 wixui-rich-text__text\">firmes de comptabilitat, dret i consultoria;<\/p>\n<\/li>\n<li class=\"wixui-rich-text__text\">\n<p class=\"font_8 wixui-rich-text__text\">institucions educatives i associacions comercials.<\/p>\n<\/li>\n<\/ul>\n<p class=\"font_8 wixui-rich-text__text\">Aprovarem les sol\u00b7licituds d&#8217;enlla\u00e7 d&#8217;aquestes organitzacions si: (a) l&#8217;enlla\u00e7 no ens faria veure desfavorablement nosaltres mateixos ni les nostres empreses acreditades; (b) l&#8217;organitzaci\u00f3 no t\u00e9 registres negatius amb nosaltres; (c) el benefici per a nosaltres de la visibilitat de l&#8217;hiperenlla\u00e7 compensa l&#8217;abs\u00e8ncia d&#8217;Essential for Business; i (d) l&#8217;enlla\u00e7 \u00e9s en el context d&#8217;informaci\u00f3 general de recursos.    <\/p>\n<p class=\"font_8 wixui-rich-text__text\">Aquestes organitzacions poden enlla\u00e7ar a la nostra p\u00e0gina inicial sempre que l&#8217;enlla\u00e7: (a) no sigui engany\u00f3s de cap manera; (b) no impliqui falsament patrocini, suport o aprovaci\u00f3 de la part vinculant i els seus productes o serveis; i (c) encaixa en el context del lloc de la part vinculant.   <\/p>\n<p class=\"font_8 wixui-rich-text__text\">Si ets una de les organitzacions enumerades al par\u00e0graf 2 i est\u00e0s interessada a vincular-te al nostre lloc web, ens has d&#8217;informar enviant un correu electr\u00f2nic a Essential for Business. Inclou el teu nom, el nom de la teva organitzaci\u00f3, la informaci\u00f3 de contacte, aix\u00ed com la URL del vostre lloc, una llista de les URL des de les que teniu la intenci\u00f3 de vincular al nostre lloc web i una llista de les URL del nostre lloc a les que us agradaria accedir. 2-3 setmanes per rebre una resposta.  <\/p>\n<p class=\"font_8 wixui-rich-text__text\">Les organitzacions aprovades poden fer hipervincles al nostre lloc web de la seg\u00fcent manera:<\/p>\n<ul class=\"font_8 wixui-rich-text__text\">\n<li class=\"wixui-rich-text__text\">\n<p class=\"font_8 wixui-rich-text__text\">Mitjan\u00e7ant l\u00fas del nostre nom corporatiu; o<\/p>\n<\/li>\n<li class=\"wixui-rich-text__text\">\n<p class=\"font_8 wixui-rich-text__text\">Mitjan\u00e7ant l\u00fas del localitzador uniforme de recursos a qu\u00e8 sest\u00e0 vinculant; o<\/p>\n<\/li>\n<li class=\"wixui-rich-text__text\">\n<p class=\"font_8 wixui-rich-text__text\">Usar qualsevol altra descripci\u00f3 del nostre lloc web al qual est\u00e0 vinculat que tingui sentit dins del context i format del contingut al lloc de la part vinculant.<\/p>\n<\/li>\n<\/ul>\n<p class=\"font_8 wixui-rich-text__text\">No es permet l&#8217;\u00fas del logotip d&#8217;Essential for Business o cap altre material gr\u00e0fic per vincular sense un acord de llic\u00e8ncia de marca comercial.<\/p>\n<p class=\"font_8 wixui-rich-text__text\"><span class=\"wixGuard wixui-rich-text__text\">\u200b<\/span><\/p>\n<h4 class=\"font_4 wixui-rich-text__text\">Responsabilitat del contingut:<\/h4>\n<p class=\"font_8 wixui-rich-text__text\">No serem responsables de cap contingut que aparegui al vostre lloc web. Acceptes protegir-nos i defensar-nos contra totes les reclamacions que es presentin al teu lloc web. Cap enlla\u00e7(s) ha d&#8217;apar\u00e8ixer en cap lloc web que pugui interpretar-se com a difamatori, obsc\u00e8 o criminal, o que infringeixi, altrament violi o defensi la infracci\u00f3 o una altra violaci\u00f3 dels drets de tercers.  <\/p>\n<p class=\"font_8 wixui-rich-text__text\"><span class=\"wixGuard wixui-rich-text__text\">\u200b<\/span><\/p>\n<h4 class=\"font_4 wixui-rich-text__text\">Reserva de drets:<\/h4>\n<p class=\"font_8 wixui-rich-text__text\">Ens reservem el dret de sol\u00b7licitar que eliminis tots els enlla\u00e7os o qualsevol enlla\u00e7 en particular al nostre lloc web. Aproves eliminar immediatament tots els enlla\u00e7os al nostre lloc web quan se sol\u00b7liciti. Tamb\u00e9 ens reservem el dret de modificar aquests termes i condicions i la vostra pol\u00edtica d&#8217;enlla\u00e7os en qualsevol moment. En vincular cont\u00ednuament al nostre lloc web, acceptes estar vinculat i seguir aquests termes i condicions de vinculaci\u00f3.   <\/p>\n<p class=\"font_8 wixui-rich-text__text\"><span class=\"wixGuard wixui-rich-text__text\">\u200b<\/span><\/p>\n<h4 class=\"font_4 wixui-rich-text__text\">Eliminaci\u00f3 d&#8217;enlla\u00e7os del nostre lloc web:<\/h4>\n<p class=\"font_8 wixui-rich-text__text\">Si trobes algun enlla\u00e7 al nostre lloc que sigui ofensiu per qualsevol motiu, pots contactar-nos i informar-nos en qualsevol moment. Considerarem les sol\u00b7licituds per eliminar enlla\u00e7os, per\u00f2 no estem obligats a fer-ho ni respondre directament. <\/p>\n<p class=\"font_8 wixui-rich-text__text\">No ens assegurem que la informaci\u00f3 daquest lloc web sigui correcta. No garantim la seva integritat o precisi\u00f3, ni prometem assegurar-nos que el lloc web romangui disponible o que el material al lloc es mantingui actualitzat. <\/p>\n<p class=\"font_8 wixui-rich-text__text\"><span class=\"wixGuard wixui-rich-text__text\">\u200b<\/span><\/p>\n<h4 class=\"font_4 wixui-rich-text__text\">Exempci\u00f3 de responsabilitat:<\/h4>\n<p class=\"font_8 wixui-rich-text__text\">En la mesura m\u00e0xima permesa per la llei aplicable, excloem totes les representacions, garanties i condicions relacionades amb el nostre lloc web i l\u00fas daquest. Res en aquest desc\u00e0rrec de responsabilitat: <\/p>\n<ul class=\"font_8 wixui-rich-text__text\">\n<li class=\"wixui-rich-text__text\">\n<p class=\"font_8 wixui-rich-text__text\">limitar\u00e0 o exclour\u00e0 la nostra responsabilitat o la teva per mort o lesions personals;<\/p>\n<\/li>\n<li class=\"wixui-rich-text__text\">\n<p class=\"font_8 wixui-rich-text__text\">limitar\u00e0 o exclour\u00e0 la nostra responsabilitat o la teva per frau o tergiversaci\u00f3 fraudulenta;<\/p>\n<\/li>\n<li class=\"wixui-rich-text__text\">\n<p class=\"font_8 wixui-rich-text__text\">limitar\u00e0 qualsevol de les nostres responsabilitats o les teves de qualsevol manera que no estigui permesa per la llei aplicable; o<\/p>\n<\/li>\n<li class=\"wixui-rich-text__text\">\n<p class=\"font_8 wixui-rich-text__text\">exclour\u00e0 qualsevol de les nostres responsabilitats o les teves que no puguin estar excloses segons la llei aplicable.<\/p>\n<\/li>\n<\/ul>\n<p class=\"font_8 wixui-rich-text__text\">Les limitacions i les prohibicions de responsabilitat establertes en aquesta secci\u00f3 i en altres parts d&#8217;aquest desc\u00e0rrec de responsabilitat: (a) estan subjectes al par\u00e0graf anterior; i (b) regir\u00e0 totes les responsabilitats que sorgeixin en virtut de l&#8217;exempci\u00f3 de responsabilitat, incloses les responsabilitats que sorgeixin al contracte, en greuge i per incompliment de l&#8217;obligaci\u00f3 legal.  <\/p>\n<p class=\"font_8 wixui-rich-text__text\">Sempre que el lloc web i la informaci\u00f3 i els serveis al lloc es proporcionin de forma gratu\u00efta, no serem responsables de cap p\u00e8rdua o dany de qualsevol naturalesa.<\/p>\n<\/div>\n<\/div>\n<\/div>\n<\/section>\n\t\t\t\t\t\t\t\t<\/div>\n\t\t\t\t<\/div>\n\t\t\t\t\t<\/div>\n\t\t\t\t<\/div>\n\t\t\t\t<\/div>\n\t\t","protected":false},"excerpt":{"rendered":"<p>Pol\u00edtica de Privadesa i Termes i Condicions d&#8217;efb Pol\u00edtica de privadesa Pol\u00edtica de privadesa d&#8217;essentialforbusiness.com Aquesta aplicaci\u00f3 recull algunes dades personals dels seus usuaris. Aquest document es pot imprimir com a refer\u00e8ncia utilitzant l&#8217;ordre d&#8217;impressi\u00f3 a les opcions de configuraci\u00f3 de qualsevol navegador. \u200b Titular i Responsable del tractament de les Dades Essential for Business [&hellip;]<\/p>\n","protected":false},"author":1,"featured_media":0,"parent":0,"menu_order":0,"comment_status":"closed","ping_status":"closed","template":"elementor_header_footer","meta":{"_monsterinsights_skip_tracking":false,"_monsterinsights_sitenote_active":false,"_monsterinsights_sitenote_note":"","_monsterinsights_sitenote_category":0,"_uf_show_specific_survey":0,"_uf_disable_surveys":false,"footnotes":""},"class_list":["post-2999","page","type-page","status-publish","hentry"],"_links":{"self":[{"href":"https:\/\/essentialforbusiness.com\/ca\/wp-json\/wp\/v2\/pages\/2999","targetHints":{"allow":["GET"]}}],"collection":[{"href":"https:\/\/essentialforbusiness.com\/ca\/wp-json\/wp\/v2\/pages"}],"about":[{"href":"https:\/\/essentialforbusiness.com\/ca\/wp-json\/wp\/v2\/types\/page"}],"author":[{"embeddable":true,"href":"https:\/\/essentialforbusiness.com\/ca\/wp-json\/wp\/v2\/users\/1"}],"replies":[{"embeddable":true,"href":"https:\/\/essentialforbusiness.com\/ca\/wp-json\/wp\/v2\/comments?post=2999"}],"version-history":[{"count":1,"href":"https:\/\/essentialforbusiness.com\/ca\/wp-json\/wp\/v2\/pages\/2999\/revisions"}],"predecessor-version":[{"id":3001,"href":"https:\/\/essentialforbusiness.com\/ca\/wp-json\/wp\/v2\/pages\/2999\/revisions\/3001"}],"wp:attachment":[{"href":"https:\/\/essentialforbusiness.com\/ca\/wp-json\/wp\/v2\/media?parent=2999"}],"curies":[{"name":"wp","href":"https:\/\/api.w.org\/{rel}","templated":true}]}}